
{"id":6785,"date":"2026-03-13T12:28:44","date_gmt":"2026-03-13T11:28:44","guid":{"rendered":"https:\/\/itgirls.org.pl\/?post_type=akcja&#038;p=6785"},"modified":"2026-03-13T12:28:45","modified_gmt":"2026-03-13T11:28:45","slug":"razem-dla-kobiecej-sily-jak-wspolnie-z-resibo-celebrujemy-odwage-i-nowa-esencje-the-muse","status":"publish","type":"akcja","link":"https:\/\/itgirls.org.pl\/en\/akcja\/razem-dla-kobiecej-sily-jak-wspolnie-z-resibo-celebrujemy-odwage-i-nowa-esencje-the-muse\/","title":{"rendered":"Razem dla kobiecej si\u0142y: Jak wsp\u00f3lnie z Resibo celebrujemy odwag\u0119 i now\u0105 esencj\u0119 The Muse"},"content":{"rendered":"<div data-elementor-type=\"wp-post\" data-elementor-id=\"6785\" class=\"elementor elementor-6785\" data-elementor-post-type=\"akcja\">\n\t\t\t\t<div class=\"elementor-element elementor-element-3e7d2e8 e-flex e-con-boxed e-con e-parent\" data-id=\"3e7d2e8\" data-element_type=\"container\">\n\t\t\t\t\t<div class=\"e-con-inner\">\n\t\t\t\t<div class=\"elementor-element elementor-element-e80f2c1 elementor-widget elementor-widget-text-editor\" data-id=\"e80f2c1\" data-element_type=\"widget\" data-widget_type=\"text-editor.default\">\n\t\t\t\t<div class=\"elementor-widget-container\">\n\t\t\t\t\t\t\t\t\t<p><span style=\"font-weight: 400;\">Pewno\u015b\u0107 siebie to nie tylko cecha charakteru, to przede wszystkim si\u0142a, kt\u00f3r\u0105 czerpiemy z wzajemnego wsparcia. W\u0142a\u015bnie ta idea przy\u015bwieca naszej wsp\u00f3\u0142pracy z mark\u0105 <\/span><a href=\"https:\/\/resibo.pl\/\"><b>Resibo<\/b><\/a><span style=\"font-weight: 400;\">. Po\u0142\u0105czy\u0142y\u015bmy si\u0142y, by stworzy\u0107 przestrze\u0144 pe\u0142n\u0105 inspiracji, autentyczno\u015bci i kobiecej energii.<\/span><\/p><p><b>Kiedy pasja spotyka odwag\u0119<\/b><\/p><p><span style=\"font-weight: 400;\">\u015awiat technologii i \u015bwiat nowoczesnych marek maj\u0105 ze sob\u0105 wiele wsp\u00f3lnego: ciekawo\u015b\u0107, analityczne my\u015blenie, odwag\u0119 do podejmowania decyzji i gotowo\u015b\u0107 do ci\u0105g\u0142ego uczenia si\u0119.<\/span><\/p><p><span style=\"font-weight: 400;\">Ewelina Kwit-Betlej, tw\u00f3rczyni marki Resibo, opowiedzia\u0142a o swojej drodze \u2013 od pierwszych krok\u00f3w w biznesie, po stworzenie jednej z najbardziej rozpoznawalnych marek kosmetycznych w Polsce. Dlaczego dla Eweliny tak wa\u017cne jest wspieranie odwagi u innych kobiet? Poniewa\u017c sama wie, \u017ce sukces zaczyna si\u0119 od wiary we w\u0142asne mo\u017cliwo\u015bci.<\/span><\/p><p><i><span style=\"font-weight: 400;\">\u201e<\/span><\/i><i><span style=\"font-weight: 400;\">Za\u0142o\u017cenie firmy 11 lat temu by\u0142o dla mnie bardzo odwa\u017cn\u0105 decyzj\u0105 z wielu powod\u00f3w. Razem z m\u0119\u017cem zainwestowali\u015bmy pieni\u0105dze, kt\u00f3re odk\u0142adali\u015bmy na mieszkanie, odeszli\u015bmy od bezpiecznej \u015bcie\u017cki zawodowej i postanowili\u015bmy zbudowa\u0107 mark\u0119 od zera. Mocno wierzy\u0142am w nasz pierwszy produkt, a jednocze\u015bnie mia\u0142am poczucie, \u017ce wiele kobiet, podobnie jak ja, szuka piel\u0119gnacji, kt\u00f3ra naprawd\u0119 odpowiada na potrzeby ich sk\u00f3ry. Od pocz\u0105tku to w\u0142a\u015bnie kobiety i ich historie by\u0142y dla mnie najwi\u0119ksz\u0105 inspiracj\u0105. Dzi\u015b, dzi\u0119ki konsekwencji, dopracowanym i skutecznym formu\u0142om oraz wyra\u017anej wizji marki, Resibo sta\u0142o si\u0119 love brandem dla wielu Polek, a nasze produkty mo\u017cna znale\u017a\u0107 w najwi\u0119kszych sieciach drogerii w Polsce.<\/span><\/i><i><span style=\"font-weight: 400;\">\u201d<\/span><\/i><\/p>\t\t\t\t\t\t\t\t<\/div>\n\t\t\t\t<\/div>\n\t\t\t\t\t<\/div>\n\t\t\t\t<\/div>\n\t\t<div class=\"elementor-element elementor-element-9eb4ed4 e-flex e-con-boxed e-con e-parent\" data-id=\"9eb4ed4\" data-element_type=\"container\">\n\t\t\t\t\t<div class=\"e-con-inner\">\n\t\t<div class=\"elementor-element elementor-element-c95a8c7 e-grid e-con-full e-con e-child\" data-id=\"c95a8c7\" data-element_type=\"container\">\n\t\t\t\t<div class=\"elementor-element elementor-element-d95d904 elementor-widget elementor-widget-image\" data-id=\"d95d904\" data-element_type=\"widget\" data-widget_type=\"image.default\">\n\t\t\t\t<div class=\"elementor-widget-container\">\n\t\t\t\t\t\t\t\t\t\t\t\t\t\t\t<img fetchpriority=\"high\" decoding=\"async\" width=\"819\" height=\"1024\" src=\"https:\/\/itgirls.org.pl\/wp-content\/uploads\/2026\/03\/zdjecia-do-posta-o-dniu-kobiet-2026-1-819x1024.png\" class=\"attachment-large size-large wp-image-6788\" alt=\"\" srcset=\"https:\/\/itgirls.org.pl\/wp-content\/uploads\/2026\/03\/zdjecia-do-posta-o-dniu-kobiet-2026-1-819x1024.png 819w, https:\/\/itgirls.org.pl\/wp-content\/uploads\/2026\/03\/zdjecia-do-posta-o-dniu-kobiet-2026-1-240x300.png 240w, https:\/\/itgirls.org.pl\/wp-content\/uploads\/2026\/03\/zdjecia-do-posta-o-dniu-kobiet-2026-1-768x960.png 768w, https:\/\/itgirls.org.pl\/wp-content\/uploads\/2026\/03\/zdjecia-do-posta-o-dniu-kobiet-2026-1-10x12.png 10w, https:\/\/itgirls.org.pl\/wp-content\/uploads\/2026\/03\/zdjecia-do-posta-o-dniu-kobiet-2026-1.png 1080w\" sizes=\"(max-width: 819px) 100vw, 819px\" \/>\t\t\t\t\t\t\t\t\t\t\t\t\t\t\t<\/div>\n\t\t\t\t<\/div>\n\t\t\t\t<div class=\"elementor-element elementor-element-0d41e69 elementor-widget elementor-widget-image\" data-id=\"0d41e69\" data-element_type=\"widget\" data-widget_type=\"image.default\">\n\t\t\t\t<div class=\"elementor-widget-container\">\n\t\t\t\t\t\t\t\t\t\t\t\t\t\t\t<img decoding=\"async\" width=\"819\" height=\"1024\" src=\"https:\/\/itgirls.org.pl\/wp-content\/uploads\/2026\/03\/zdjecia-do-posta-o-dniu-kobiet-2026-2-819x1024.png\" class=\"attachment-large size-large wp-image-6791\" alt=\"\" srcset=\"https:\/\/itgirls.org.pl\/wp-content\/uploads\/2026\/03\/zdjecia-do-posta-o-dniu-kobiet-2026-2-819x1024.png 819w, https:\/\/itgirls.org.pl\/wp-content\/uploads\/2026\/03\/zdjecia-do-posta-o-dniu-kobiet-2026-2-240x300.png 240w, https:\/\/itgirls.org.pl\/wp-content\/uploads\/2026\/03\/zdjecia-do-posta-o-dniu-kobiet-2026-2-768x960.png 768w, https:\/\/itgirls.org.pl\/wp-content\/uploads\/2026\/03\/zdjecia-do-posta-o-dniu-kobiet-2026-2-10x12.png 10w, https:\/\/itgirls.org.pl\/wp-content\/uploads\/2026\/03\/zdjecia-do-posta-o-dniu-kobiet-2026-2.png 1080w\" sizes=\"(max-width: 819px) 100vw, 819px\" \/>\t\t\t\t\t\t\t\t\t\t\t\t\t\t\t<\/div>\n\t\t\t\t<\/div>\n\t\t\t\t<\/div>\n\t\t\t\t<div class=\"elementor-element elementor-element-129eb7b elementor-widget elementor-widget-spacer\" data-id=\"129eb7b\" data-element_type=\"widget\" data-widget_type=\"spacer.default\">\n\t\t\t\t<div class=\"elementor-widget-container\">\n\t\t\t\t\t\t\t<div class=\"elementor-spacer\">\n\t\t\t<div class=\"elementor-spacer-inner\"><\/div>\n\t\t<\/div>\n\t\t\t\t\t\t<\/div>\n\t\t\t\t<\/div>\n\t\t\t\t\t<\/div>\n\t\t\t\t<\/div>\n\t\t<div class=\"elementor-element elementor-element-dfe8820 e-flex e-con-boxed e-con e-parent\" data-id=\"dfe8820\" data-element_type=\"container\">\n\t\t\t\t\t<div class=\"e-con-inner\">\n\t\t\t\t<div class=\"elementor-element elementor-element-f8d2ba3 elementor-widget elementor-widget-text-editor\" data-id=\"f8d2ba3\" data-element_type=\"widget\" data-widget_type=\"text-editor.default\">\n\t\t\t\t<div class=\"elementor-widget-container\">\n\t\t\t\t\t\t\t\t\t<p><b>Premiera z misj\u0105: Esencja The Muse<\/b><span style=\"font-weight: 400;\">\u00a0<\/span><\/p><p><span style=\"font-weight: 400;\">Podczas eventu z okazji Dnia Kobiet mia\u0142y\u015bmy zaszczyt og\u0142osi\u0107 premier\u0119 nowej esencji marki \u2013 <\/span><a href=\"https:\/\/resibo.pl\/produkt\/614\/the-muse-esencja-hydro-liftingujaca\" data-wplink-edit=\"true\"><b>The Muse<\/b><\/a><span style=\"font-weight: 400;\">. Uczestniczki jako pierwsze mog\u0142y poczu\u0107 jej wyj\u0105tkowy zapach i przekona\u0107 si\u0119, jak cudownie piel\u0119gnuje sk\u00f3r\u0119. To produkt stworzony przez kobiety, dla kobiet, b\u0119d\u0105cy ho\u0142dem dla naszej wewn\u0119trznej muzy.<\/span><\/p><p><b>Pi\u0119kno, kt\u00f3re daje impuls do zmian<\/b><span style=\"font-weight: 400;\">\u00a0<\/span><\/p><p><span style=\"font-weight: 400;\">Najpi\u0119kniejsze w tej wsp\u00f3\u0142pracy jest to, \u017ce ka\u017cda z nas mo\u017ce sta\u0107 si\u0119 cz\u0119\u015bci\u0105 czego\u015b wi\u0119kszego. Wybieraj\u0105c esencj\u0119 <\/span><i><span style=\"font-weight: 400;\">The Muse<\/span><\/i><span style=\"font-weight: 400;\">, dbasz o siebie, ale te\u017c realnie zmieniasz \u015bwiat innych: <\/span><b>5% ze sprzeda\u017cy produktu trafia na cele statutowe naszej Fundacji<\/b><span style=\"font-weight: 400;\">.<\/span><span style=\"font-weight: 400;\"><br \/><\/span><\/p>\t\t\t\t\t\t\t\t<\/div>\n\t\t\t\t<\/div>\n\t\t\t\t<div class=\"elementor-element elementor-element-65b0e52 elementor-widget elementor-widget-spacer\" data-id=\"65b0e52\" data-element_type=\"widget\" data-widget_type=\"spacer.default\">\n\t\t\t\t<div class=\"elementor-widget-container\">\n\t\t\t\t\t\t\t<div class=\"elementor-spacer\">\n\t\t\t<div class=\"elementor-spacer-inner\"><\/div>\n\t\t<\/div>\n\t\t\t\t\t\t<\/div>\n\t\t\t\t<\/div>\n\t\t\t\t\t<\/div>\n\t\t\t\t<\/div>\n\t\t<div class=\"elementor-element elementor-element-332b29d e-flex e-con-boxed e-con e-parent\" data-id=\"332b29d\" data-element_type=\"container\">\n\t\t\t\t\t<div class=\"e-con-inner\">\n\t\t\t\t<div class=\"elementor-element elementor-element-6c46e09 elementor-align-center elementor-widget elementor-widget-button\" data-id=\"6c46e09\" data-element_type=\"widget\" data-widget_type=\"button.default\">\n\t\t\t\t<div class=\"elementor-widget-container\">\n\t\t\t\t\t\t\t\t\t<div class=\"elementor-button-wrapper\">\n\t\t\t\t\t<a class=\"elementor-button elementor-button-link elementor-size-sm\" href=\"https:\/\/resibo.pl\/produkt\/614\/the-muse-esencja-hydro-liftingujaca\">\n\t\t\t\t\t\t<span class=\"elementor-button-content-wrapper\">\n\t\t\t\t\t\t\t\t\t<span class=\"elementor-button-text\">Wypr\u00f3buj The Muse<\/span>\n\t\t\t\t\t<\/span>\n\t\t\t\t\t<\/a>\n\t\t\t\t<\/div>\n\t\t\t\t\t\t\t\t<\/div>\n\t\t\t\t<\/div>\n\t\t\t\t\t<\/div>\n\t\t\t\t<\/div>\n\t\t<div class=\"elementor-element elementor-element-48cd8bc e-flex e-con-boxed e-con e-parent\" data-id=\"48cd8bc\" data-element_type=\"container\">\n\t\t\t\t\t<div class=\"e-con-inner\">\n\t\t\t\t\t<\/div>\n\t\t\t\t<\/div>\n\t\t\t\t<\/div>","protected":false},"excerpt":{"rendered":"<p>Poznaj kulisy naszej wsp\u00f3\u0142pracy z mark\u0105 Resibo oraz spos\u00f3b, w jaki esencja The Muse wspiera rozw\u00f3j zawodowy kobiet. Dowiedz si\u0119, dlaczego zdecydowa\u0142y\u015bmy si\u0119 po\u0142\u0105czy\u0107 si\u0142y i jak 5% ze sprzeda\u017cy produktu zasila programy mentoringowe naszej Fundacji, pomagaj\u0105c kobietom stawia\u0107 pierwsze kroki w bran\u017cy IT.<\/p>","protected":false},"author":4,"featured_media":6786,"template":"","categories":[30,32],"tags":[],"class_list":["post-6785","akcja","type-akcja","status-publish","has-post-thumbnail","hentry","category-dorosli","category-kampania"],"blocksy_meta":[],"yoast_head":"<!-- This site is optimized with the Yoast SEO plugin v25.5 - https:\/\/yoast.com\/wordpress\/plugins\/seo\/ -->\n<title>Razem dla kobiecej si\u0142y: Jak wsp\u00f3lnie z Resibo celebrujemy odwag\u0119 i now\u0105 esencj\u0119 The Muse - Fundacja IT Girls<\/title>\n<meta name=\"robots\" content=\"index, follow, max-snippet:-1, max-image-preview:large, max-video-preview:-1\" \/>\n<link rel=\"canonical\" href=\"https:\/\/itgirls.org.pl\/en\/akcja\/razem-dla-kobiecej-sily-jak-wspolnie-z-resibo-celebrujemy-odwage-i-nowa-esencje-the-muse\/\" \/>\n<meta property=\"og:locale\" content=\"en_GB\" \/>\n<meta property=\"og:type\" content=\"article\" \/>\n<meta property=\"og:title\" content=\"Razem dla kobiecej si\u0142y: Jak wsp\u00f3lnie z Resibo celebrujemy odwag\u0119 i now\u0105 esencj\u0119 The Muse - Fundacja IT Girls\" \/>\n<meta property=\"og:description\" content=\"Poznaj kulisy naszej wsp\u00f3\u0142pracy z mark\u0105 Resibo oraz spos\u00f3b, w jaki esencja The Muse wspiera rozw\u00f3j zawodowy kobiet. Dowiedz si\u0119, dlaczego zdecydowa\u0142y\u015bmy si\u0119 po\u0142\u0105czy\u0107 si\u0142y i jak 5% ze sprzeda\u017cy produktu zasila programy mentoringowe naszej Fundacji, pomagaj\u0105c kobietom stawia\u0107 pierwsze kroki w bran\u017cy IT.\" \/>\n<meta property=\"og:url\" content=\"https:\/\/itgirls.org.pl\/en\/akcja\/razem-dla-kobiecej-sily-jak-wspolnie-z-resibo-celebrujemy-odwage-i-nowa-esencje-the-muse\/\" \/>\n<meta property=\"og:site_name\" content=\"Fundacja IT Girls\" \/>\n<meta property=\"article:modified_time\" content=\"2026-03-13T11:28:45+00:00\" \/>\n<meta property=\"og:image\" content=\"https:\/\/itgirls.org.pl\/wp-content\/uploads\/2026\/03\/Zdjecia-do-posta-o-The-Muse-z-Resibo-1600-x-900-px-1024x576.png\" \/>\n\t<meta property=\"og:image:width\" content=\"1024\" \/>\n\t<meta property=\"og:image:height\" content=\"576\" \/>\n\t<meta property=\"og:image:type\" content=\"image\/png\" \/>\n<meta name=\"twitter:card\" content=\"summary_large_image\" \/>\n<meta name=\"twitter:label1\" content=\"Estimated reading time\" \/>\n\t<meta name=\"twitter:data1\" content=\"3 minutes\" \/>\n<script type=\"application\/ld+json\" class=\"yoast-schema-graph\">{\"@context\":\"https:\/\/schema.org\",\"@graph\":[{\"@type\":\"WebPage\",\"@id\":\"https:\/\/itgirls.org.pl\/akcja\/razem-dla-kobiecej-sily-jak-wspolnie-z-resibo-celebrujemy-odwage-i-nowa-esencje-the-muse\/\",\"url\":\"https:\/\/itgirls.org.pl\/akcja\/razem-dla-kobiecej-sily-jak-wspolnie-z-resibo-celebrujemy-odwage-i-nowa-esencje-the-muse\/\",\"name\":\"Razem dla kobiecej si\u0142y: Jak wsp\u00f3lnie z Resibo celebrujemy odwag\u0119 i now\u0105 esencj\u0119 The Muse - Fundacja IT Girls\",\"isPartOf\":{\"@id\":\"https:\/\/itgirls.org.pl\/en\/#website\"},\"primaryImageOfPage\":{\"@id\":\"https:\/\/itgirls.org.pl\/akcja\/razem-dla-kobiecej-sily-jak-wspolnie-z-resibo-celebrujemy-odwage-i-nowa-esencje-the-muse\/#primaryimage\"},\"image\":{\"@id\":\"https:\/\/itgirls.org.pl\/akcja\/razem-dla-kobiecej-sily-jak-wspolnie-z-resibo-celebrujemy-odwage-i-nowa-esencje-the-muse\/#primaryimage\"},\"thumbnailUrl\":\"https:\/\/itgirls.org.pl\/wp-content\/uploads\/2026\/03\/Zdjecia-do-posta-o-The-Muse-z-Resibo-1600-x-900-px.png\",\"datePublished\":\"2026-03-13T11:28:44+00:00\",\"dateModified\":\"2026-03-13T11:28:45+00:00\",\"breadcrumb\":{\"@id\":\"https:\/\/itgirls.org.pl\/akcja\/razem-dla-kobiecej-sily-jak-wspolnie-z-resibo-celebrujemy-odwage-i-nowa-esencje-the-muse\/#breadcrumb\"},\"inLanguage\":\"en-GB\",\"potentialAction\":[{\"@type\":\"ReadAction\",\"target\":[\"https:\/\/itgirls.org.pl\/akcja\/razem-dla-kobiecej-sily-jak-wspolnie-z-resibo-celebrujemy-odwage-i-nowa-esencje-the-muse\/\"]}]},{\"@type\":\"ImageObject\",\"inLanguage\":\"en-GB\",\"@id\":\"https:\/\/itgirls.org.pl\/akcja\/razem-dla-kobiecej-sily-jak-wspolnie-z-resibo-celebrujemy-odwage-i-nowa-esencje-the-muse\/#primaryimage\",\"url\":\"https:\/\/itgirls.org.pl\/wp-content\/uploads\/2026\/03\/Zdjecia-do-posta-o-The-Muse-z-Resibo-1600-x-900-px.png\",\"contentUrl\":\"https:\/\/itgirls.org.pl\/wp-content\/uploads\/2026\/03\/Zdjecia-do-posta-o-The-Muse-z-Resibo-1600-x-900-px.png\",\"width\":1600,\"height\":900},{\"@type\":\"BreadcrumbList\",\"@id\":\"https:\/\/itgirls.org.pl\/akcja\/razem-dla-kobiecej-sily-jak-wspolnie-z-resibo-celebrujemy-odwage-i-nowa-esencje-the-muse\/#breadcrumb\",\"itemListElement\":[{\"@type\":\"ListItem\",\"position\":1,\"name\":\"Strona g\u0142\u00f3wna\",\"item\":\"https:\/\/itgirls.org.pl\/\"},{\"@type\":\"ListItem\",\"position\":2,\"name\":\"Akcje\",\"item\":\"https:\/\/itgirls.org.pl\/akcja\/\"},{\"@type\":\"ListItem\",\"position\":3,\"name\":\"Razem dla kobiecej si\u0142y: Jak wsp\u00f3lnie z Resibo celebrujemy odwag\u0119 i now\u0105 esencj\u0119 The Muse\"}]},{\"@type\":\"WebSite\",\"@id\":\"https:\/\/itgirls.org.pl\/en\/#website\",\"url\":\"https:\/\/itgirls.org.pl\/en\/\",\"name\":\"Fundacja IT Girls\",\"description\":\"\",\"publisher\":{\"@id\":\"https:\/\/itgirls.org.pl\/en\/#organization\"},\"potentialAction\":[{\"@type\":\"SearchAction\",\"target\":{\"@type\":\"EntryPoint\",\"urlTemplate\":\"https:\/\/itgirls.org.pl\/en\/?s={search_term_string}\"},\"query-input\":{\"@type\":\"PropertyValueSpecification\",\"valueRequired\":true,\"valueName\":\"search_term_string\"}}],\"inLanguage\":\"en-GB\"},{\"@type\":\"Organization\",\"@id\":\"https:\/\/itgirls.org.pl\/en\/#organization\",\"name\":\"Fundacja IT Girls\",\"url\":\"https:\/\/itgirls.org.pl\/en\/\",\"logo\":{\"@type\":\"ImageObject\",\"inLanguage\":\"en-GB\",\"@id\":\"https:\/\/itgirls.org.pl\/en\/#\/schema\/logo\/image\/\",\"url\":\"https:\/\/itgirls.org.pl\/wp-content\/uploads\/2025\/02\/it_logo.webp\",\"contentUrl\":\"https:\/\/itgirls.org.pl\/wp-content\/uploads\/2025\/02\/it_logo.webp\",\"width\":199,\"height\":98,\"caption\":\"Fundacja IT Girls\"},\"image\":{\"@id\":\"https:\/\/itgirls.org.pl\/en\/#\/schema\/logo\/image\/\"}}]}<\/script>\n<!-- \/ Yoast SEO plugin. -->","yoast_head_json":{"title":"Razem dla kobiecej si\u0142y: Jak wsp\u00f3lnie z Resibo celebrujemy odwag\u0119 i now\u0105 esencj\u0119 The Muse - Fundacja IT Girls","robots":{"index":"index","follow":"follow","max-snippet":"max-snippet:-1","max-image-preview":"max-image-preview:large","max-video-preview":"max-video-preview:-1"},"canonical":"https:\/\/itgirls.org.pl\/en\/akcja\/razem-dla-kobiecej-sily-jak-wspolnie-z-resibo-celebrujemy-odwage-i-nowa-esencje-the-muse\/","og_locale":"en_GB","og_type":"article","og_title":"Razem dla kobiecej si\u0142y: Jak wsp\u00f3lnie z Resibo celebrujemy odwag\u0119 i now\u0105 esencj\u0119 The Muse - Fundacja IT Girls","og_description":"Poznaj kulisy naszej wsp\u00f3\u0142pracy z mark\u0105 Resibo oraz spos\u00f3b, w jaki esencja The Muse wspiera rozw\u00f3j zawodowy kobiet. Dowiedz si\u0119, dlaczego zdecydowa\u0142y\u015bmy si\u0119 po\u0142\u0105czy\u0107 si\u0142y i jak 5% ze sprzeda\u017cy produktu zasila programy mentoringowe naszej Fundacji, pomagaj\u0105c kobietom stawia\u0107 pierwsze kroki w bran\u017cy IT.","og_url":"https:\/\/itgirls.org.pl\/en\/akcja\/razem-dla-kobiecej-sily-jak-wspolnie-z-resibo-celebrujemy-odwage-i-nowa-esencje-the-muse\/","og_site_name":"Fundacja IT Girls","article_modified_time":"2026-03-13T11:28:45+00:00","og_image":[{"width":1024,"height":576,"url":"https:\/\/itgirls.org.pl\/wp-content\/uploads\/2026\/03\/Zdjecia-do-posta-o-The-Muse-z-Resibo-1600-x-900-px-1024x576.png","type":"image\/png"}],"twitter_card":"summary_large_image","twitter_misc":{"Estimated reading time":"3 minutes"},"schema":{"@context":"https:\/\/schema.org","@graph":[{"@type":"WebPage","@id":"https:\/\/itgirls.org.pl\/akcja\/razem-dla-kobiecej-sily-jak-wspolnie-z-resibo-celebrujemy-odwage-i-nowa-esencje-the-muse\/","url":"https:\/\/itgirls.org.pl\/akcja\/razem-dla-kobiecej-sily-jak-wspolnie-z-resibo-celebrujemy-odwage-i-nowa-esencje-the-muse\/","name":"Razem dla kobiecej si\u0142y: Jak wsp\u00f3lnie z Resibo celebrujemy odwag\u0119 i now\u0105 esencj\u0119 The Muse - Fundacja IT Girls","isPartOf":{"@id":"https:\/\/itgirls.org.pl\/en\/#website"},"primaryImageOfPage":{"@id":"https:\/\/itgirls.org.pl\/akcja\/razem-dla-kobiecej-sily-jak-wspolnie-z-resibo-celebrujemy-odwage-i-nowa-esencje-the-muse\/#primaryimage"},"image":{"@id":"https:\/\/itgirls.org.pl\/akcja\/razem-dla-kobiecej-sily-jak-wspolnie-z-resibo-celebrujemy-odwage-i-nowa-esencje-the-muse\/#primaryimage"},"thumbnailUrl":"https:\/\/itgirls.org.pl\/wp-content\/uploads\/2026\/03\/Zdjecia-do-posta-o-The-Muse-z-Resibo-1600-x-900-px.png","datePublished":"2026-03-13T11:28:44+00:00","dateModified":"2026-03-13T11:28:45+00:00","breadcrumb":{"@id":"https:\/\/itgirls.org.pl\/akcja\/razem-dla-kobiecej-sily-jak-wspolnie-z-resibo-celebrujemy-odwage-i-nowa-esencje-the-muse\/#breadcrumb"},"inLanguage":"en-GB","potentialAction":[{"@type":"ReadAction","target":["https:\/\/itgirls.org.pl\/akcja\/razem-dla-kobiecej-sily-jak-wspolnie-z-resibo-celebrujemy-odwage-i-nowa-esencje-the-muse\/"]}]},{"@type":"ImageObject","inLanguage":"en-GB","@id":"https:\/\/itgirls.org.pl\/akcja\/razem-dla-kobiecej-sily-jak-wspolnie-z-resibo-celebrujemy-odwage-i-nowa-esencje-the-muse\/#primaryimage","url":"https:\/\/itgirls.org.pl\/wp-content\/uploads\/2026\/03\/Zdjecia-do-posta-o-The-Muse-z-Resibo-1600-x-900-px.png","contentUrl":"https:\/\/itgirls.org.pl\/wp-content\/uploads\/2026\/03\/Zdjecia-do-posta-o-The-Muse-z-Resibo-1600-x-900-px.png","width":1600,"height":900},{"@type":"BreadcrumbList","@id":"https:\/\/itgirls.org.pl\/akcja\/razem-dla-kobiecej-sily-jak-wspolnie-z-resibo-celebrujemy-odwage-i-nowa-esencje-the-muse\/#breadcrumb","itemListElement":[{"@type":"ListItem","position":1,"name":"Strona g\u0142\u00f3wna","item":"https:\/\/itgirls.org.pl\/"},{"@type":"ListItem","position":2,"name":"Akcje","item":"https:\/\/itgirls.org.pl\/akcja\/"},{"@type":"ListItem","position":3,"name":"Razem dla kobiecej si\u0142y: Jak wsp\u00f3lnie z Resibo celebrujemy odwag\u0119 i now\u0105 esencj\u0119 The Muse"}]},{"@type":"WebSite","@id":"https:\/\/itgirls.org.pl\/en\/#website","url":"https:\/\/itgirls.org.pl\/en\/","name":"IT Girls Foundation","description":"","publisher":{"@id":"https:\/\/itgirls.org.pl\/en\/#organization"},"potentialAction":[{"@type":"SearchAction","target":{"@type":"EntryPoint","urlTemplate":"https:\/\/itgirls.org.pl\/en\/?s={search_term_string}"},"query-input":{"@type":"PropertyValueSpecification","valueRequired":true,"valueName":"search_term_string"}}],"inLanguage":"en-GB"},{"@type":"Organization","@id":"https:\/\/itgirls.org.pl\/en\/#organization","name":"IT Girls Foundation","url":"https:\/\/itgirls.org.pl\/en\/","logo":{"@type":"ImageObject","inLanguage":"en-GB","@id":"https:\/\/itgirls.org.pl\/en\/#\/schema\/logo\/image\/","url":"https:\/\/itgirls.org.pl\/wp-content\/uploads\/2025\/02\/it_logo.webp","contentUrl":"https:\/\/itgirls.org.pl\/wp-content\/uploads\/2025\/02\/it_logo.webp","width":199,"height":98,"caption":"Fundacja IT Girls"},"image":{"@id":"https:\/\/itgirls.org.pl\/en\/#\/schema\/logo\/image\/"}}]}},"_links":{"self":[{"href":"https:\/\/itgirls.org.pl\/en\/wp-json\/wp\/v2\/akcja\/6785","targetHints":{"allow":["GET"]}}],"collection":[{"href":"https:\/\/itgirls.org.pl\/en\/wp-json\/wp\/v2\/akcja"}],"about":[{"href":"https:\/\/itgirls.org.pl\/en\/wp-json\/wp\/v2\/types\/akcja"}],"author":[{"embeddable":true,"href":"https:\/\/itgirls.org.pl\/en\/wp-json\/wp\/v2\/users\/4"}],"version-history":[{"count":0,"href":"https:\/\/itgirls.org.pl\/en\/wp-json\/wp\/v2\/akcja\/6785\/revisions"}],"wp:featuredmedia":[{"embeddable":true,"href":"https:\/\/itgirls.org.pl\/en\/wp-json\/wp\/v2\/media\/6786"}],"wp:attachment":[{"href":"https:\/\/itgirls.org.pl\/en\/wp-json\/wp\/v2\/media?parent=6785"}],"wp:term":[{"taxonomy":"category","embeddable":true,"href":"https:\/\/itgirls.org.pl\/en\/wp-json\/wp\/v2\/categories?post=6785"},{"taxonomy":"post_tag","embeddable":true,"href":"https:\/\/itgirls.org.pl\/en\/wp-json\/wp\/v2\/tags?post=6785"}],"curies":[{"name":"wp","href":"https:\/\/api.w.org\/{rel}","templated":true}]}}